{"version":"1.0","provider_name":"Capella Mallorquina","provider_url":"https:\/\/capellamallorquina.com\/es\/","author_name":"Capella","author_url":"https:\/\/capellamallorquina.com\/es\/author\/capella\/","title":"Vivaldi y Haendel en San Mag\u00edn - Capella Mallorquina","type":"rich","width":600,"height":338,"html":"<blockquote class=\"wp-embedded-content\" data-secret=\"oMOCUIRT49\"><a href=\"https:\/\/capellamallorquina.com\/es\/vivaldi-y-haendel-en-san-magin\/\">Vivaldi y Haendel en San Mag\u00edn<\/a><\/blockquote><iframe sandbox=\"allow-scripts\" security=\"restricted\" src=\"https:\/\/capellamallorquina.com\/es\/vivaldi-y-haendel-en-san-magin\/embed\/#?secret=oMOCUIRT49\" width=\"600\" height=\"338\" title=\"\u00abVivaldi y Haendel en San Mag\u00edn\u00bb \u2014 Capella Mallorquina\" data-secret=\"oMOCUIRT49\" frameborder=\"0\" marginwidth=\"0\" marginheight=\"0\" scrolling=\"no\" class=\"wp-embedded-content\"><\/iframe><script type=\"text\/javascript\">\n\/*! This file is auto-generated *\/\n!function(d,l){\"use strict\";var e=!1,o=!1;if(l.querySelector)if(d.addEventListener)e=!0;if(d.wp=d.wp||{},!d.wp.receiveEmbedMessage)if(d.wp.receiveEmbedMessage=function(e){var t=e.data;if(t)if(t.secret||t.message||t.value)if(!\/[^a-zA-Z0-9]\/.test(t.secret)){for(var r,a,i,s=l.querySelectorAll('iframe[data-secret=\"'+t.secret+'\"]'),n=l.querySelectorAll('blockquote[data-secret=\"'+t.secret+'\"]'),o=new RegExp(\"^https?:$\",\"i\"),c=0;c<n.length;c++)n[c].style.display=\"none\";for(c=0;c<s.length;c++)if(r=s[c],e.source===r.contentWindow){if(r.removeAttribute(\"style\"),\"height\"===t.message){if(1e3<(i=parseInt(t.value,10)))i=1e3;else if(~~i<200)i=200;r.height=i}if(\"link\"===t.message)if(a=l.createElement(\"a\"),i=l.createElement(\"a\"),a.href=r.getAttribute(\"src\"),i.href=t.value,o.test(i.protocol))if(i.host===a.host)if(l.activeElement===r)d.top.location.href=t.value}}},e)d.addEventListener(\"message\",d.wp.receiveEmbedMessage,!1),l.addEventListener(\"DOMContentLoaded\",t,!1),d.addEventListener(\"load\",t,!1);function t(){if(!o){o=!0;for(var e,t,r,a=-1!==navigator.appVersion.indexOf(\"MSIE 10\"),i=!!navigator.userAgent.match(\/Trident.*rv:11\\.\/),s=l.querySelectorAll(\"iframe.wp-embedded-content\"),n=0;n<s.length;n++){if(!(r=(t=s[n]).getAttribute(\"data-secret\")))r=Math.random().toString(36).substr(2,10),t.src+=\"#?secret=\"+r,t.setAttribute(\"data-secret\",r);if(a||i)(e=t.cloneNode(!0)).removeAttribute(\"security\"),t.parentNode.replaceChild(e,t);t.contentWindow.postMessage({message:\"ready\",secret:r},\"*\")}}}}(window,document);\n<\/script>\n","thumbnail_url":"https:\/\/capellamallorquina.com\/wp-content\/uploads\/2019\/02\/AAA.jpg","thumbnail_width":905,"thumbnail_height":1280,"description":"Presentamos un magn\u00edfico concierto en la iglesia de San Mag\u00edn para el pr\u00f3ximo 15 de marzo a las 20,30 h. Una actuaci\u00f3n que nuevamente contar\u00e1 con la participaci\u00f3n de la excelente\u00a0Camerata\u00a0San\u00a0Cayetano, integrada por algunos de los mejores m\u00fasicos de nuestra Isla. En el programa, dos obras maestras de Vivaldi y\u00a0Haendel. Del primero, su &#8220;Gloria&#8221;, una&hellip;"}