{"version":"1.0","provider_name":"Capella Mallorquina","provider_url":"https:\/\/capellamallorquina.com\/es\/","author_name":"Capella","author_url":"https:\/\/capellamallorquina.com\/es\/author\/capella\/","title":"Concierto por la Proclamaci\u00f3n de la Bas\u00edlica de Sant Miquel - Capella Mallorquina","type":"rich","width":600,"height":338,"html":"<blockquote class=\"wp-embedded-content\" data-secret=\"DshaczO9XI\"><a href=\"https:\/\/capellamallorquina.com\/es\/concierto-la-proclamacion-la-basilica-sant-miquel\/\">Concierto por la Proclamaci\u00f3n de la Bas\u00edlica de Sant Miquel<\/a><\/blockquote><iframe sandbox=\"allow-scripts\" security=\"restricted\" src=\"https:\/\/capellamallorquina.com\/es\/concierto-la-proclamacion-la-basilica-sant-miquel\/embed\/#?secret=DshaczO9XI\" width=\"600\" height=\"338\" title=\"\u00abConcierto por la Proclamaci\u00f3n de la Bas\u00edlica de Sant Miquel\u00bb \u2014 Capella Mallorquina\" data-secret=\"DshaczO9XI\" frameborder=\"0\" marginwidth=\"0\" marginheight=\"0\" scrolling=\"no\" class=\"wp-embedded-content\"><\/iframe><script type=\"text\/javascript\">\n\/*! This file is auto-generated *\/\n!function(d,l){\"use strict\";var e=!1,o=!1;if(l.querySelector)if(d.addEventListener)e=!0;if(d.wp=d.wp||{},!d.wp.receiveEmbedMessage)if(d.wp.receiveEmbedMessage=function(e){var t=e.data;if(t)if(t.secret||t.message||t.value)if(!\/[^a-zA-Z0-9]\/.test(t.secret)){for(var r,a,i,s=l.querySelectorAll('iframe[data-secret=\"'+t.secret+'\"]'),n=l.querySelectorAll('blockquote[data-secret=\"'+t.secret+'\"]'),o=new RegExp(\"^https?:$\",\"i\"),c=0;c<n.length;c++)n[c].style.display=\"none\";for(c=0;c<s.length;c++)if(r=s[c],e.source===r.contentWindow){if(r.removeAttribute(\"style\"),\"height\"===t.message){if(1e3<(i=parseInt(t.value,10)))i=1e3;else if(~~i<200)i=200;r.height=i}if(\"link\"===t.message)if(a=l.createElement(\"a\"),i=l.createElement(\"a\"),a.href=r.getAttribute(\"src\"),i.href=t.value,o.test(i.protocol))if(i.host===a.host)if(l.activeElement===r)d.top.location.href=t.value}}},e)d.addEventListener(\"message\",d.wp.receiveEmbedMessage,!1),l.addEventListener(\"DOMContentLoaded\",t,!1),d.addEventListener(\"load\",t,!1);function t(){if(!o){o=!0;for(var e,t,r,a=-1!==navigator.appVersion.indexOf(\"MSIE 10\"),i=!!navigator.userAgent.match(\/Trident.*rv:11\\.\/),s=l.querySelectorAll(\"iframe.wp-embedded-content\"),n=0;n<s.length;n++){if(!(r=(t=s[n]).getAttribute(\"data-secret\")))r=Math.random().toString(36).substr(2,10),t.src+=\"#?secret=\"+r,t.setAttribute(\"data-secret\",r);if(a||i)(e=t.cloneNode(!0)).removeAttribute(\"security\"),t.parentNode.replaceChild(e,t);t.contentWindow.postMessage({message:\"ready\",secret:r},\"*\")}}}}(window,document);\n<\/script>\n","thumbnail_url":"https:\/\/capellamallorquina.com\/wp-content\/uploads\/2018\/10\/CAPELLA.jpg","thumbnail_width":960,"thumbnail_height":613,"description":"La Capella Mallorquina ofreci\u00f3 un concierto para celebrar la\u00a0Proclamaci\u00f3n\u00a0de Sant Miquel como nueva Bas\u00edlica. La actuaci\u00f3n cont\u00f3 con una gran afluencia de p\u00fablico que disfrut\u00f3 de un programa que incluy\u00f3 una primera parte de m\u00fasica\u00a0sacra\u00a0y una segunda parte de m\u00fasica variada, con muchas obras mallorquinas. El concierto se cerr\u00f3 con el &#8220;Te Deum&#8221;\u00a0de Mozart y&hellip;"}